{"id":2915,"date":"2019-12-25T22:34:11","date_gmt":"2019-12-25T21:34:11","guid":{"rendered":"http:\/\/localhost\/amc\/?page_id=2915"},"modified":"2020-06-04T17:21:02","modified_gmt":"2020-06-04T15:21:02","slug":"nos-projets","status":"publish","type":"page","link":"https:\/\/www.chantiers-ecoles.ma\/?page_id=2915","title":{"rendered":"Nos projets"},"content":{"rendered":"<p>[vc_row overlay_dotted=\u00a0\u00bb\u00a0\u00bb css=\u00a0\u00bb.vc_custom_1577359129807{padding-bottom: 0px !important;}\u00a0\u00bb][vc_column text_alignment=\u00a0\u00bbtext-center\u00a0\u00bb css=\u00a0\u00bb.vc_custom_1577358092484{padding-top: 0px !important;}\u00a0\u00bb]<div class=\"grop-section_text   grop-heading-69f369e70ad0b   text-left\"><h2 class=\"text-uppercase grop-sctn_title_fntSz-30   grop-heading-69f369e70ad0b  text-left\">Projet Chantier Ecole de T\u00e9touan CET - Promotion 2012-2014<\/h2><\/div>[\/vc_column][\/vc_row][vc_row full_width=\u00a0\u00bbstretch_row\u00a0\u00bb overlay_dotted=\u00a0\u00bb\u00a0\u00bb css=\u00a0\u00bb.vc_custom_1577358688372{background-color: #ffffff !important;}\u00a0\u00bb][vc_column][vc_column_text el_class=\u00a0\u00bbgrop-fix grop-about_txt\u00a0\u00bb]Le projet Chantier Ecole s\u2019int\u00e8gre dans les programmes de lutte contre l\u2019exclusion sociale et la lutte contre la pr\u00e9carit\u00e9 des groupes vuln\u00e9rables, et aussi une opportunit\u00e9 pour la sauvegarde et la mise en valeur du patrimoine culturel. L\u2019accent est mis sur les actions li\u00e9es \u00e0 l\u2019accompagnement du processus d\u2019insertion socio professionnelle telles que la formation, la qualification et l\u2019apprentissage des m\u00e9tiers de restauration, l\u2019orientation et l\u2019insertion sociale et au march\u00e9 du travail.<\/p>\n<p>Le Chantier Ecole de T\u00e9touan, comme premier projet de l\u2019AMC au niveau National, est un r\u00e9el outil au service de l\u2019insertion socioprofessionnel, qui a accueillie 65 jeunes (filles et gar\u00e7ons) de T\u00e9touan et ses environs en risque d\u2019exclusion sociale, ayant un niveau de formation modeste (minimum de 6<sup>\u00e8me<\/sup> ann\u00e9e primaire) et \u00e2g\u00e9s entre 16 et 25ans, pour les aider \u00e0 s\u2019int\u00e9grer dans le march\u00e9 du travail, ou \u00e0 cr\u00e9er\u00a0 des petites entreprises ou des coop\u00e9ratives.<\/p>\n<p>Le projet vise aussi \u00e0 la r\u00e9cup\u00e9ration des \u00e9difices historiques de la m\u00e9dina de T\u00e9touan, cette derni\u00e8re est class\u00e9e patrimoine mondiale de l\u2019Humanit\u00e9 par l\u2019UNESCO.<\/p>\n<p>Les objectifs g\u00e9n\u00e9raux du projet sont\u00a0:<\/p>\n<ul>\n<li>Participer \u00e0 la sauvegarde des m\u00e9tiers traditionnels en voie de disparition et \u00e0 la restauration du patrimoine de la ville de T\u00e9touan<\/li>\n<li>Transmettre aux jeunes des connaissances g\u00e9n\u00e9rales, techniques et technologiques, pratiques et artistiques.<\/li>\n<li>L\u2019insertion socioprofessionnelle des stagiaires afin de leur ouvrir des opportunit\u00e9s de travail ou de cr\u00e9ation d\u2019activit\u00e9.<\/li>\n<\/ul>\n<p>[\/vc_column_text][\/vc_column][\/vc_row][vc_row full_width=\u00a0\u00bbstretch_row\u00a0\u00bb overlay_dotted=\u00a0\u00bb\u00a0\u00bb css=\u00a0\u00bb.vc_custom_1577359150659{padding-top: 20px !important;padding-bottom: 10px !important;background-color: #f9f9f9 !important;}\u00a0\u00bb][vc_column text_alignment=\u00a0\u00bbtext-center\u00a0\u00bb css=\u00a0\u00bb.vc_custom_1577358092484{padding-top: 0px !important;}\u00a0\u00bb]<div class=\"grop-section_text   grop-heading-69f369e70ad2f   text-left\"><h2 class=\"text-uppercase grop-sctn_title_fntSz-30   grop-heading-69f369e70ad2f  text-left\">PROJET : \u00ab Chantier Ecole pour la valorisation du patrimoine, restauration des m\u00e9tiers et vecteur pour l\u2019insertion des jeunes d\u00e9favoris\u00e9s\u00bb<\/h2><\/div>[\/vc_column][\/vc_row][vc_row full_width=\u00a0\u00bbstretch_row\u00a0\u00bb overlay_dotted=\u00a0\u00bb\u00a0\u00bb css=\u00a0\u00bb.vc_custom_1577358786247{background-color: #f9f9f9 !important;}\u00a0\u00bb][vc_column][vc_column_text el_class=\u00a0\u00bbgrop-fix grop-about_txt\u00a0\u00bb]D\u00e9clar\u00e9e patrimoine universel de l&rsquo;humanit\u00e9 par l&rsquo;UNESCO en 1997, l&rsquo;ancienne\u00a0<a href=\"http:\/\/www.letangerois.com\/la-medina-de-tetouan\">m\u00e9dina de T\u00e9touan<\/a>, qui s&rsquo;\u00e9tale sur une superficie globale de 50 hectares, fait face \u00e0 plusieurs contraintes li\u00e9es notamment \u00e0 la d\u00e9t\u00e9rioration du cadre b\u00e2ti, aux dysfonctionnements constat\u00e9s au niveau des espaces publics, \u00e0 la d\u00e9g\u00e9n\u00e9rescence des monuments historiques et \u00e0 la d\u00e9gradation du r\u00e9seau d&rsquo;eau potable.Sa pr\u00e9servation est donc une responsabilit\u00e9 \u00e0 partager par les diff\u00e9rentes composantes de la soci\u00e9t\u00e9: autorit\u00e9s, \u00e9lus, soci\u00e9t\u00e9 civile, population. Parall\u00e8lement, la ville estmarqu\u00e9e par la pr\u00e9sence d\u2019un public jeune \u00e0 bas niveau de qualification, en situation de pr\u00e9carit\u00e9 et confront\u00e9 \u00e0 un taux de ch\u00f4mage important(le taux de ch\u00f4mage est largement sup\u00e9rieur \u00e0 celui des autres Provinces et Pr\u00e9fectures de la R\u00e9gion<\/p>\n<p>L\u2019id\u00e9e de projet \u00e9tait la mise en en \u0153uvre d\u2019une\u00a0 Convention tripartite entre l\u2019Association Marocaine\u00a0 Chantiers Ecoles pour le D\u00e9veloppement\u00a0 (AMC), la\u00a0 Commune Urbaine de T\u00e9touan (CUT) et la d\u00e9l\u00e9gation allemande (GIZ) dont <strong>l\u2019objectif\u00a0 est de travailler conjointement pour la valorisation\u00a0 de patrimoine par le biais de l\u2019insertion des jeunes\u00a0 qualifi\u00e9s et la r\u00e9cup\u00e9ration des m\u00e9tiers de restauration<\/strong>.<\/p>\n<p><strong>R\u00e9sultats du projet\u00a0:<\/strong><\/p>\n<ul>\n<li><strong>Formations pour les stagiaires CET (Nouvelle Technologie, Moulage du pl\u00e2tre, R\u00e9seau SKOUNDO\u2026)<\/strong><\/li>\n<li><strong>Cr\u00e9ation de trois coop\u00e9ratives (21 stagiaires)<\/strong><\/li>\n<\/ul>\n<p><strong>\u00a0\u00a0\u00a0\u00a0\u00a0 &#8211; <\/strong>Une coop\u00e9rative de Menuiserie et de restauration du bois<\/p>\n<p>&#8211; Une coop\u00e9rative de ma\u00e7onnerie de restauration et travaux g\u00e9n\u00e9raux<\/p>\n<p>&#8211; Une coop\u00e9rative de construction et de restauration[\/vc_column_text][\/vc_column][\/vc_row][vc_row full_width=\u00a0\u00bbstretch_row\u00a0\u00bb overlay_dotted=\u00a0\u00bb\u00a0\u00bb css=\u00a0\u00bb.vc_custom_1577359164209{padding-top: 20px !important;padding-bottom: 10px !important;}\u00a0\u00bb][vc_column text_alignment=\u00a0\u00bbtext-center\u00a0\u00bb css=\u00a0\u00bb.vc_custom_1577358092484{padding-top: 0px !important;}\u00a0\u00bb]<div class=\"grop-section_text   grop-heading-69f369e70ad43   text-left\"><h2 class=\"text-uppercase grop-sctn_title_fntSz-30   grop-heading-69f369e70ad43  text-left\">Projet : \u00ab Appui au Chantier Ecole de T\u00e9touan par le d\u00e9veloppement d\u2019une deuxi\u00e8me promotion \u2013 Atelier de Zellige traditionnel \u00bb<\/h2><\/div>[\/vc_column][\/vc_row][vc_row full_width=\u00a0\u00bbstretch_row\u00a0\u00bb overlay_dotted=\u00a0\u00bb\u00a0\u00bb css=\u00a0\u00bb.vc_custom_1577358832667{background-color: #ffffff !important;}\u00a0\u00bb][vc_column width=\u00a0\u00bb2\/3&Prime;][vc_column_text el_class=\u00a0\u00bbgrop-fix grop-about_txt\u00a0\u00bb]L\u2019Association\u00a0 Marocaine\u00a0 Chantiers\u00a0 \u00c9coles\u00a0 pour\u00a0 le\u00a0 D\u00e9veloppement\u00a0 (AMC) en\u00a0 partenariat\u00a0 avec l\u2019ONG\u00a0 espagnole ManosUnidas\u00a0 a mis\u00a0 en\u00a0 place\u00a0 un projet\u00a0 de d\u00e9veloppement\u00a0 d\u2019une\u00a0 formation sur le Zellige traditionnel T\u00e9touanais afin de sauvegarder ce m\u00e9tier qui est en voie de disparition restaurer le\u00a0 patrimoine de la ville de T\u00e9touan . Aussi transmettre aux jeunes des connaissances g\u00e9n\u00e9rales, techniques et technologiques, pratiques et artistiques se rapportant aux fili\u00e8res de la formation Zellige traditionnel. Et L\u2019insertion socioprofessionnelle des stagiaires afin de leur ouvrir des opportunit\u00e9s de travail ou de cr\u00e9ation d\u2019activit\u00e9.[\/vc_column_text][\/vc_column][vc_column width=\u00a0\u00bb1\/3&Prime;][vc_single_image image=\u00a0\u00bb2940&Prime; img_size=\u00a0\u00bbmedium\u00a0\u00bb][\/vc_column][\/vc_row][vc_row full_width=\u00a0\u00bbstretch_row\u00a0\u00bb overlay_dotted=\u00a0\u00bb\u00a0\u00bb css=\u00a0\u00bb.vc_custom_1577359186766{padding-top: 20px !important;padding-bottom: 10px !important;background-color: #f9f9f9 !important;}\u00a0\u00bb][vc_column text_alignment=\u00a0\u00bbtext-center\u00a0\u00bb css=\u00a0\u00bb.vc_custom_1577358092484{padding-top: 0px !important;}\u00a0\u00bb]<div class=\"grop-section_text   grop-heading-69f369e70ad53   text-left\"><h2 class=\"text-uppercase grop-sctn_title_fntSz-30   grop-heading-69f369e70ad53  text-left\">Projet : \u00ab Renforcement des capacit\u00e9s en micro entreprenariat des jeunes d\u00e9favoris\u00e9s et du secteur informel \u00bb<\/h2><\/div>[\/vc_column][\/vc_row][vc_row full_width=\u00a0\u00bbstretch_row\u00a0\u00bb overlay_dotted=\u00a0\u00bb\u00a0\u00bb css=\u00a0\u00bb.vc_custom_1577358970420{background-color: #f9f9f9 !important;}\u00a0\u00bb][vc_column][vc_column_text el_class=\u00a0\u00bbgrop-fix grop-about_txt\u00a0\u00bb]<strong>L\u2019Association Marocaines Chantiers-\u00e9coles pour le d\u00e9veloppement (AMC)<\/strong> a \u00e9t\u00e9 s\u00e9lectionn\u00e9e comme ONG Master pour le dit projet au niveau de la r\u00e9gion Tanger T\u00e9touan &#8211; Al Hoceima<\/p>\n<p>Le Projet \u00ab\u00a0Renforcement de Micro-Entreprenariat pour les Jeunes d\u00e9favoris\u00e9s et du Secteur Informel\u00a0\u00bb \u00ab\u00a0Intilaka Jadida\u00a0\u00bb g\u00e9r\u00e9 par le Minist\u00e8re de la Jeunesse et des Sports (MJS), a pour objectif principal de fournir l\u2019acc\u00e8s aux services non financiers de d\u00e9veloppement des affaires \u00e0 5000 jeunes hommes et femmes d\u00e9favoris\u00e9s, \u00e2g\u00e9s entre 18 et 29 ans, afin de r\u00e9pondre au besoin urgent de stimuler les opportunit\u00e9s \u00e9conomiques pour les jeunes.<\/p>\n<p>l\u2019Association Marocaine Chantiers-\u00e9coles pour le d\u00e9veloppement (AMC) a \u00e9t\u00e9 s\u00e9lectionn\u00e9e par le Projet \u00ab\u00a0Renforcement de Micro-Entreprenariat pour les Jeunes d\u00e9favoris\u00e9s du Secteur Informel\u00a0\u00bb, afin d\u2019\u0153uvrer en tant qu\u2019Association Master pour la mise en \u0153uvre d\u2019approches innovantes, int\u00e9gr\u00e9es, et viables pouvant contribuer \u00e0 l\u2019appui de 400 jeunes cibl\u00e9s conform\u00e9ment \u00e0 la convention sign\u00e9e entre le MJS et l\u2019AMC.\u00a0\u00a0 Ceci par l\u2019appui aux jeunes\u00a0 dans la concr\u00e9tisation de leurs Projets, notamment l\u2019identification, la s\u00e9lection, la formation, et l\u2019accompagnement pr\u00e9 et post cr\u00e9ation de jeunes entrepreneurs.<\/p>\n<p>Dans ce cadre, l\u2019Association a entam\u00e9 d\u00e8s le mois de novembre 2014 son intervention aupr\u00e8s de la population cible, moyennant la mobilisation de 14 OCBs et de 7 formateurs accompagnateurs, ce qui a permis d\u2019atteindre \u00e0 ce jour les r\u00e9sultats suivants\u00a0:<\/p>\n<ul>\n<li>689 Jeunes identifi\u00e9s (en plus de 100 jeunes identifi\u00e9s apr\u00e8s la signature de l\u2019avenant)<\/li>\n<li>413 porteurs de projet s\u00e9lectionn\u00e9s \u00e0 travers 14 Bootcamps organis\u00e9s<\/li>\n<li>401 (Accord\u00e9 apr\u00e8s la signature de l\u2019avenant) entrepreneurs accompagn\u00e9s ayant formellement cr\u00e9\u00e9 leur activit\u00e9 (Auto-entrepreneur, TPE, coop\u00e9rative)<\/li>\n<\/ul>\n<p>[\/vc_column_text][\/vc_column][\/vc_row][vc_row full_width=\u00a0\u00bbstretch_row\u00a0\u00bb overlay_dotted=\u00a0\u00bb\u00a0\u00bb css=\u00a0\u00bb.vc_custom_1577359196325{padding-top: 20px !important;padding-bottom: 10px !important;background-color: #ffffff !important;}\u00a0\u00bb][vc_column text_alignment=\u00a0\u00bbtext-center\u00a0\u00bb css=\u00a0\u00bb.vc_custom_1577358092484{padding-top: 0px !important;}\u00a0\u00bb]<div class=\"grop-section_text   grop-heading-69f369e70ad60   text-left\"><h2 class=\"text-uppercase grop-sctn_title_fntSz-30   grop-heading-69f369e70ad60  text-left\">Appui \u00e0 la formation des jeunes de la ville de T\u00e9touan et leur accompagnement au d\u00e9veloppement de leur parcours socioprofessionnel<\/h2><\/div>[\/vc_column][\/vc_row][vc_row full_width=\u00a0\u00bbstretch_row\u00a0\u00bb overlay_dotted=\u00a0\u00bb\u00a0\u00bb css=\u00a0\u00bb.vc_custom_1577359028269{background-color: #ffffff !important;}\u00a0\u00bb][vc_column][vc_column_text el_class=\u00a0\u00bbgrop-fix grop-about_txt\u00a0\u00bb]Pour le d\u00e9veloppement d\u2019une nouvelle promotion du Chantier Ecole de T\u00e9touan\u00a0 2019-2020, l\u2019AMC a d\u00e9velopp\u00e9 un nouveau partenariat avec \u00a0la d\u00e9l\u00e9gation Su\u00e8de DROSSOS afin de Promouvoir l\u2019insertion socioprofessionnelle des jeunes en situation difficile, demandeurs d\u2019emploi, en m\u00e9tiers li\u00e9s \u00e0 la construction, sur des chantiers de restauration et r\u00e9habilitation des b\u00e2timents d\u2019int\u00e9r\u00eat patrimonial<\/p>\n<p>Les objectifs du projet sont\u00a0:<\/p>\n<ul>\n<li>Am\u00e9lioration des comp\u00e9tences professionnelles des jeunes en situation difficile en vue d\u2019am\u00e9liorer leur employabilit\u00e9.<\/li>\n<li>Restauration du patrimoine b\u00e2ti de la m\u00e9dina de T\u00e9touan par la mise en place d\u2019un chantier \u00e9cole au niveau de la maison \u00ab\u00a0Dar Lakhtib\u00bb actuellement abandonn\u00e9e.<\/li>\n<li>Promouvoir l\u2019insertion socioprofessionnelle des jeunes dans le march\u00e9 de travail en particulier dans le domaine de la restauration du patrimoine b\u00e2ti<\/li>\n<li>Promouvoir l\u2019esprit entrepreneurial des jeunes en situation difficile et des groupes vuln\u00e9rables<\/li>\n<\/ul>\n<p>L\u2019inauguration du projet sera en D\u00e9cembre 2018[\/vc_column_text][\/vc_column][\/vc_row][vc_row full_width=\u00a0\u00bbstretch_row\u00a0\u00bb overlay_dotted=\u00a0\u00bb\u00a0\u00bb css=\u00a0\u00bb.vc_custom_1582728948066{padding-top: 20px !important;padding-bottom: 10px !important;background-color: #f9f9f9 !important;}\u00a0\u00bb][vc_column text_alignment=\u00a0\u00bbtext-center\u00a0\u00bb css=\u00a0\u00bb.vc_custom_1577358092484{padding-top: 0px !important;}\u00a0\u00bb]<div class=\"grop-section_text   grop-heading-69f369e70ad6b   text-left\"><h2 class=\"text-uppercase grop-sctn_title_fntSz-30   grop-heading-69f369e70ad6b  text-left\">Kafaa Lil Jamii (Comp\u00e9tences Pour Tous) : l\u2019AMC lance un nouveau projet d\u2019appui au Chantier Ecole de T\u00e9touan (CET) en f\u00e9vrier 2020.<\/h2><\/div>[\/vc_column][\/vc_row][vc_row full_width=\u00a0\u00bbstretch_row\u00a0\u00bb overlay_dotted=\u00a0\u00bb\u00a0\u00bb css=\u00a0\u00bb.vc_custom_1582728940202{background-color: #f9f9f9 !important;}\u00a0\u00bb][vc_column width=\u00a0\u00bb2\/3&Prime;][vc_column_text el_class=\u00a0\u00bbgrop-fix grop-about_txt\u00a0\u00bb]Kafaa Lil Jamii (Comp\u00e9tences Pour Tous)\u00a0: l\u2019AMC lance un nouveau projet d\u2019appui au Chantier Ecole de T\u00e9touan (CET) en f\u00e9vrier 2020, qui permettra de d\u00e9velopper deux nouveaux m\u00e9tiers au profit de 45 jeunes de la ville de T\u00e9touan\u00a0: m\u00e9tier du jardinage au sein des b\u00e2timents historiques et m\u00e9tier de peinture traditionnelle et sur bois.<\/p>\n<p>Afin d\u2019enrichir son offre de formation professionnelle des m\u00e9tiers de restauration du patrimoine b\u00e2ti, l\u2019Association Marocaine des Chantiers \u00c9coles pour le D\u00e9veloppement (AMC) lance, en partenariat avec l\u2019AECID le projet Kafaa Lil Jamii qui permettra la mise en place de deux ateliers de jardinage et de peinture traditionnelle.<br \/>\nLe projet sera mis en \u0153uvre sur une dur\u00e9e de dix mois et ciblera 45 jeunes (dont 18 filles) en situation difficile (abandon scolaire et \/ ou recherche d\u2019emploi) dans ces deux m\u00e9tiers pour lesquels on note l\u2019absence de centre de formation, malgr\u00e9 la forte demande sur le march\u00e9 de travail.<br \/>\nDans ce cadre, des r\u00e9f\u00e9rentiels de formation pour ces deux m\u00e9tiers seront d\u00e9velopp\u00e9s et mis en \u0153uvre selon une alternance de formation th\u00e9orique et pratique au sein des ateliers et le chantier grandeur nature de Dar Lakhtib dans la m\u00e9dina de T\u00e9touan.<br \/>\nAvec ce projet, le Chantier Ecole de T\u00e9touan diversifie ses m\u00e9tiers de restauration du patrimoine b\u00e2ti en cours actuellement au profit de 100 stagiaires qui sont : la ma\u00e7onnerie de restauration, la menuiserie d\u2019art, la ferronnerie d\u2019art, le pl\u00e2tre, l\u2019\u00e9lectricit\u00e9 de b\u00e2timent, la plomberie et zellij t\u00e9touanais.<br \/>\nLes d\u00e9marches de s\u00e9lection des stagiaires et de recrutements des formateurs et de l\u2019\u00e9quipe du projet sont en cours pour permettre le d\u00e9marrage effectif en mars 2020.<br \/>\n[\/vc_column_text][\/vc_column][vc_column width=\u00a0\u00bb1\/3&Prime;][vc_images_carousel images=\u00a0\u00bb2968,2969,2970&Prime; img_size=\u00a0\u00bbmedium\u00a0\u00bb onclick=\u00a0\u00bblink_no\u00a0\u00bb][\/vc_column][\/vc_row][vc_row full_width=\u00a0\u00bbstretch_row\u00a0\u00bb overlay_dotted=\u00a0\u00bb\u00a0\u00bb css=\u00a0\u00bb.vc_custom_1577210173411{margin-right: 0px !important;margin-left: 0px !important;background-color: #f0c84c !important;}\u00a0\u00bb][vc_column css=\u00a0\u00bb.vc_custom_1504694696117{padding-top: 0px !important;}\u00a0\u00bb]<div class=\"grop-callout_area  grop-parlx-69f369e70ad78\"><div class=\"grop-vertical_middle  grop-fix grop-callout_container   vc_custom_1504695436119\"><div class=\"grop-ab_calut_txt\"><h3>D\u00e9couvrez nos formations<\/h3>\n<\/div><div class=\"grop-float_right grop-callout_btn_warp\"><div class=\"calout-btn\"><a class=\"grop-btn grop-btn_overly grop-callout_btn grop-btn-69f369e70ae09-decouvrir  \" href=\"http:\/\/www.chantiers-ecoles.ma\/?page_id=2919\"><span>D\u00e9couvrir !<\/span><\/a><\/div><\/div><\/div><\/div>[\/vc_column][\/vc_row]<\/p>\n","protected":false},"excerpt":{"rendered":"[vc_row overlay_dotted=\u00a0\u00bb\u00a0\u00bb css=\u00a0\u00bb.vc_custom_1577359129807{padding-bottom: 0px !important;}\u00a0\u00bb][vc_column text_alignment=\u00a0\u00bbtext-center\u00a0\u00bb css=\u00a0\u00bb.vc_custom_1577358092484{padding-top: 0px !important;}\u00a0\u00bb][\/vc_column][\/vc_row][vc_row full_width=\u00a0\u00bbstretch_row\u00a0\u00bb overlay_dotted=\u00a0\u00bb\u00a0\u00bb css=\u00a0\u00bb.vc_custom_1577358688372{background-color: #ffffff !important;}\u00a0\u00bb][vc_column][vc_column_text el_class=\u00a0\u00bbgrop-fix grop-about_txt\u00a0\u00bb]Le projet Chantier Ecole s\u2019int\u00e8gre dans les programmes de lutte contre l\u2019exclusion sociale et la lutte contre la pr\u00e9carit\u00e9 des groupes vuln\u00e9rables, et aussi une opportunit\u00e9 pour la sauvegarde et la mise en valeur du patrimoine culturel. L\u2019accent est mis &#8230;","protected":false},"author":2,"featured_media":0,"parent":0,"menu_order":0,"comment_status":"closed","ping_status":"closed","template":"","meta":[],"_links":{"self":[{"href":"https:\/\/www.chantiers-ecoles.ma\/index.php?rest_route=\/wp\/v2\/pages\/2915"}],"collection":[{"href":"https:\/\/www.chantiers-ecoles.ma\/index.php?rest_route=\/wp\/v2\/pages"}],"about":[{"href":"https:\/\/www.chantiers-ecoles.ma\/index.php?rest_route=\/wp\/v2\/types\/page"}],"author":[{"embeddable":true,"href":"https:\/\/www.chantiers-ecoles.ma\/index.php?rest_route=\/wp\/v2\/users\/2"}],"replies":[{"embeddable":true,"href":"https:\/\/www.chantiers-ecoles.ma\/index.php?rest_route=%2Fwp%2Fv2%2Fcomments&post=2915"}],"version-history":[{"count":7,"href":"https:\/\/www.chantiers-ecoles.ma\/index.php?rest_route=\/wp\/v2\/pages\/2915\/revisions"}],"predecessor-version":[{"id":2982,"href":"https:\/\/www.chantiers-ecoles.ma\/index.php?rest_route=\/wp\/v2\/pages\/2915\/revisions\/2982"}],"wp:attachment":[{"href":"https:\/\/www.chantiers-ecoles.ma\/index.php?rest_route=%2Fwp%2Fv2%2Fmedia&parent=2915"}],"curies":[{"name":"wp","href":"https:\/\/api.w.org\/{rel}","templated":true}]}}